{"id":4850,"date":"2019-08-22T09:40:53","date_gmt":"2019-08-22T09:40:53","guid":{"rendered":"https:\/\/visitviskovo.hr\/?post_type=events&#038;p=4850"},"modified":"2019-08-22T09:40:54","modified_gmt":"2019-08-22T09:40:54","slug":"tag-der-gemeinde-viskovo","status":"publish","type":"events","link":"https:\/\/visitviskovo.hr\/de\/events\/tag-der-gemeinde-viskovo\/","title":{"rendered":"Tag der Gemeinde Vi\u0161kovo"},"content":{"rendered":"\n<p>Der Tag der Gemeinde Vi\u0161kovo wird am 15. April gefeiert. An diesem Tag fand im Jahr 1993 die erste Versammlung des Gemeinderates Vi\u0161kovo statt. Dieses Jahr feiern wir 17 Jahre Gemeinde Vi\u0161kovo. W\u00e4hrend des Feiertages werden Kultur- und Sportvereine durch ihrer Arbeit und Programme dargestellt.<br><\/p>\n","protected":false},"featured_media":4853,"template":"","acf":[],"yoast_head":"<!-- This site is optimized with the Yoast SEO plugin v22.7 - https:\/\/yoast.com\/wordpress\/plugins\/seo\/ -->\n<title>Tag der Gemeinde Vi\u0161kovo - Turisti\u010dka zajednica op\u0107ine Vi\u0161kovo<\/title>\n<meta name=\"robots\" content=\"index, follow, max-snippet:-1, max-image-preview:large, max-video-preview:-1\" \/>\n<link rel=\"canonical\" href=\"https:\/\/visitviskovo.hr\/de\/events\/tag-der-gemeinde-viskovo\/\" \/>\n<meta property=\"og:locale\" content=\"de_DE\" \/>\n<meta property=\"og:type\" content=\"article\" \/>\n<meta property=\"og:title\" content=\"Tag der Gemeinde Vi\u0161kovo - Turisti\u010dka zajednica op\u0107ine Vi\u0161kovo\" \/>\n<meta property=\"og:description\" content=\"Der Tag der Gemeinde Vi\u0161kovo wird am 15. April gefeiert. An diesem Tag fand im Jahr 1993 die erste Versammlung des Gemeinderates Vi\u0161kovo statt. Dieses Jahr feiern wir 17 Jahre Gemeinde Vi\u0161kovo. W\u00e4hrend des Feiertages werden Kultur- und Sportvereine durch ihrer Arbeit und Programme dargestellt.\" \/>\n<meta property=\"og:url\" content=\"https:\/\/visitviskovo.hr\/de\/events\/tag-der-gemeinde-viskovo\/\" \/>\n<meta property=\"og:site_name\" content=\"Turisti\u010dka zajednica op\u0107ine Vi\u0161kovo\" \/>\n<meta property=\"article:publisher\" content=\"https:\/\/web.facebook.com\/VisitViskovo\" \/>\n<meta property=\"article:modified_time\" content=\"2019-08-22T09:40:54+00:00\" \/>\n<meta property=\"og:image\" content=\"https:\/\/visitviskovo.hr\/wp-content\/uploads\/2019\/03\/20190306095006000000-main.jpg\" \/>\n\t<meta property=\"og:image:width\" content=\"800\" \/>\n\t<meta property=\"og:image:height\" content=\"415\" \/>\n\t<meta property=\"og:image:type\" content=\"image\/jpeg\" \/>\n<meta name=\"twitter:card\" content=\"summary_large_image\" \/>\n<script type=\"application\/ld+json\" class=\"yoast-schema-graph\">{\"@context\":\"https:\/\/schema.org\",\"@graph\":[{\"@type\":\"WebPage\",\"@id\":\"https:\/\/visitviskovo.hr\/de\/events\/tag-der-gemeinde-viskovo\/\",\"url\":\"https:\/\/visitviskovo.hr\/de\/events\/tag-der-gemeinde-viskovo\/\",\"name\":\"Tag der Gemeinde Vi\u0161kovo - Turisti\u010dka zajednica op\u0107ine Vi\u0161kovo\",\"isPartOf\":{\"@id\":\"https:\/\/visitviskovo.hr\/it\/#website\"},\"primaryImageOfPage\":{\"@id\":\"https:\/\/visitviskovo.hr\/de\/events\/tag-der-gemeinde-viskovo\/#primaryimage\"},\"image\":{\"@id\":\"https:\/\/visitviskovo.hr\/de\/events\/tag-der-gemeinde-viskovo\/#primaryimage\"},\"thumbnailUrl\":\"https:\/\/visitviskovo.hr\/wp-content\/uploads\/2019\/03\/20190306095006000000-main.jpg\",\"datePublished\":\"2019-08-22T09:40:53+00:00\",\"dateModified\":\"2019-08-22T09:40:54+00:00\",\"breadcrumb\":{\"@id\":\"https:\/\/visitviskovo.hr\/de\/events\/tag-der-gemeinde-viskovo\/#breadcrumb\"},\"inLanguage\":\"de-DE\",\"potentialAction\":[{\"@type\":\"ReadAction\",\"target\":[\"https:\/\/visitviskovo.hr\/de\/events\/tag-der-gemeinde-viskovo\/\"]}]},{\"@type\":\"ImageObject\",\"inLanguage\":\"de-DE\",\"@id\":\"https:\/\/visitviskovo.hr\/de\/events\/tag-der-gemeinde-viskovo\/#primaryimage\",\"url\":\"https:\/\/visitviskovo.hr\/wp-content\/uploads\/2019\/03\/20190306095006000000-main.jpg\",\"contentUrl\":\"https:\/\/visitviskovo.hr\/wp-content\/uploads\/2019\/03\/20190306095006000000-main.jpg\",\"width\":800,\"height\":415},{\"@type\":\"BreadcrumbList\",\"@id\":\"https:\/\/visitviskovo.hr\/de\/events\/tag-der-gemeinde-viskovo\/#breadcrumb\",\"itemListElement\":[{\"@type\":\"ListItem\",\"position\":1,\"name\":\"Home\",\"item\":\"https:\/\/visitviskovo.hr\/de\/\"},{\"@type\":\"ListItem\",\"position\":2,\"name\":\"Events\",\"item\":\"https:\/\/visitviskovo.hr\/events\/\"},{\"@type\":\"ListItem\",\"position\":3,\"name\":\"Tag der Gemeinde Vi\u0161kovo\"}]},{\"@type\":\"WebSite\",\"@id\":\"https:\/\/visitviskovo.hr\/it\/#website\",\"url\":\"https:\/\/visitviskovo.hr\/it\/\",\"name\":\"Turisti\u010dka zajednica op\u0107ine Vi\u0161kovo\",\"description\":\"\",\"potentialAction\":[{\"@type\":\"SearchAction\",\"target\":{\"@type\":\"EntryPoint\",\"urlTemplate\":\"https:\/\/visitviskovo.hr\/it\/?s={search_term_string}\"},\"query-input\":\"required name=search_term_string\"}],\"inLanguage\":\"de-DE\"}]}<\/script>\n<!-- \/ Yoast SEO plugin. -->","yoast_head_json":{"title":"Tag der Gemeinde Vi\u0161kovo - Turisti\u010dka zajednica op\u0107ine Vi\u0161kovo","robots":{"index":"index","follow":"follow","max-snippet":"max-snippet:-1","max-image-preview":"max-image-preview:large","max-video-preview":"max-video-preview:-1"},"canonical":"https:\/\/visitviskovo.hr\/de\/events\/tag-der-gemeinde-viskovo\/","og_locale":"de_DE","og_type":"article","og_title":"Tag der Gemeinde Vi\u0161kovo - Turisti\u010dka zajednica op\u0107ine Vi\u0161kovo","og_description":"Der Tag der Gemeinde Vi\u0161kovo wird am 15. April gefeiert. An diesem Tag fand im Jahr 1993 die erste Versammlung des Gemeinderates Vi\u0161kovo statt. Dieses Jahr feiern wir 17 Jahre Gemeinde Vi\u0161kovo. W\u00e4hrend des Feiertages werden Kultur- und Sportvereine durch ihrer Arbeit und Programme dargestellt.","og_url":"https:\/\/visitviskovo.hr\/de\/events\/tag-der-gemeinde-viskovo\/","og_site_name":"Turisti\u010dka zajednica op\u0107ine Vi\u0161kovo","article_publisher":"https:\/\/web.facebook.com\/VisitViskovo","article_modified_time":"2019-08-22T09:40:54+00:00","og_image":[{"width":800,"height":415,"url":"https:\/\/visitviskovo.hr\/wp-content\/uploads\/2019\/03\/20190306095006000000-main.jpg","type":"image\/jpeg"}],"twitter_card":"summary_large_image","schema":{"@context":"https:\/\/schema.org","@graph":[{"@type":"WebPage","@id":"https:\/\/visitviskovo.hr\/de\/events\/tag-der-gemeinde-viskovo\/","url":"https:\/\/visitviskovo.hr\/de\/events\/tag-der-gemeinde-viskovo\/","name":"Tag der Gemeinde Vi\u0161kovo - Turisti\u010dka zajednica op\u0107ine Vi\u0161kovo","isPartOf":{"@id":"https:\/\/visitviskovo.hr\/it\/#website"},"primaryImageOfPage":{"@id":"https:\/\/visitviskovo.hr\/de\/events\/tag-der-gemeinde-viskovo\/#primaryimage"},"image":{"@id":"https:\/\/visitviskovo.hr\/de\/events\/tag-der-gemeinde-viskovo\/#primaryimage"},"thumbnailUrl":"https:\/\/visitviskovo.hr\/wp-content\/uploads\/2019\/03\/20190306095006000000-main.jpg","datePublished":"2019-08-22T09:40:53+00:00","dateModified":"2019-08-22T09:40:54+00:00","breadcrumb":{"@id":"https:\/\/visitviskovo.hr\/de\/events\/tag-der-gemeinde-viskovo\/#breadcrumb"},"inLanguage":"de-DE","potentialAction":[{"@type":"ReadAction","target":["https:\/\/visitviskovo.hr\/de\/events\/tag-der-gemeinde-viskovo\/"]}]},{"@type":"ImageObject","inLanguage":"de-DE","@id":"https:\/\/visitviskovo.hr\/de\/events\/tag-der-gemeinde-viskovo\/#primaryimage","url":"https:\/\/visitviskovo.hr\/wp-content\/uploads\/2019\/03\/20190306095006000000-main.jpg","contentUrl":"https:\/\/visitviskovo.hr\/wp-content\/uploads\/2019\/03\/20190306095006000000-main.jpg","width":800,"height":415},{"@type":"BreadcrumbList","@id":"https:\/\/visitviskovo.hr\/de\/events\/tag-der-gemeinde-viskovo\/#breadcrumb","itemListElement":[{"@type":"ListItem","position":1,"name":"Home","item":"https:\/\/visitviskovo.hr\/de\/"},{"@type":"ListItem","position":2,"name":"Events","item":"https:\/\/visitviskovo.hr\/events\/"},{"@type":"ListItem","position":3,"name":"Tag der Gemeinde Vi\u0161kovo"}]},{"@type":"WebSite","@id":"https:\/\/visitviskovo.hr\/it\/#website","url":"https:\/\/visitviskovo.hr\/it\/","name":"Turisti\u010dka zajednica op\u0107ine Vi\u0161kovo","description":"","potentialAction":[{"@type":"SearchAction","target":{"@type":"EntryPoint","urlTemplate":"https:\/\/visitviskovo.hr\/it\/?s={search_term_string}"},"query-input":"required name=search_term_string"}],"inLanguage":"de-DE"}]}},"_links":{"self":[{"href":"https:\/\/visitviskovo.hr\/de\/wp-json\/wp\/v2\/events\/4850"}],"collection":[{"href":"https:\/\/visitviskovo.hr\/de\/wp-json\/wp\/v2\/events"}],"about":[{"href":"https:\/\/visitviskovo.hr\/de\/wp-json\/wp\/v2\/types\/events"}],"wp:featuredmedia":[{"embeddable":true,"href":"https:\/\/visitviskovo.hr\/de\/wp-json\/wp\/v2\/media\/4853"}],"wp:attachment":[{"href":"https:\/\/visitviskovo.hr\/de\/wp-json\/wp\/v2\/media?parent=4850"}],"curies":[{"name":"wp","href":"https:\/\/api.w.org\/{rel}","templated":true}]}}