{"id":4858,"date":"2019-08-22T09:43:50","date_gmt":"2019-08-22T09:43:50","guid":{"rendered":"https:\/\/visitviskovo.hr\/?post_type=events&#038;p=4858"},"modified":"2019-08-22T09:43:51","modified_gmt":"2019-08-22T09:43:51","slug":"majevica-fest-des-jungen-sommers","status":"publish","type":"events","link":"https:\/\/visitviskovo.hr\/de\/events\/majevica-fest-des-jungen-sommers\/","title":{"rendered":"MAJEVICA \u2013 FEST DES JUNGEN SOMMERS"},"content":{"rendered":"\n<p>Das Majevica-Fest findet am ersten Sonntag im Mai statt und soll an die Tradition der Region von Halubje erinnern, das kulturgeschichtliche Erbe, die einheimische K\u00fcche und Br\u00e4uche der Region pflegen. <\/p>\n\n\n\n<figure class=\"wp-block-image\"><img loading=\"lazy\" decoding=\"async\" width=\"723\" height=\"1024\" src=\"https:\/\/visitviskovo.hr\/wp-content\/uploads\/2019\/07\/Plakat-B2-Majevica2019_Viskovo-NOVI-723x1024.jpg\" alt=\"\" class=\"wp-image-1278\" srcset=\"https:\/\/visitviskovo.hr\/wp-content\/uploads\/2019\/07\/Plakat-B2-Majevica2019_Viskovo-NOVI-723x1024.jpg 723w, https:\/\/visitviskovo.hr\/wp-content\/uploads\/2019\/07\/Plakat-B2-Majevica2019_Viskovo-NOVI-212x300.jpg 212w, https:\/\/visitviskovo.hr\/wp-content\/uploads\/2019\/07\/Plakat-B2-Majevica2019_Viskovo-NOVI-768x1088.jpg 768w, https:\/\/visitviskovo.hr\/wp-content\/uploads\/2019\/07\/Plakat-B2-Majevica2019_Viskovo-NOVI.jpg 1361w\" sizes=\"(max-width: 723px) 100vw, 723px\" \/><\/figure>\n","protected":false},"featured_media":4613,"template":"","acf":[],"yoast_head":"<!-- This site is optimized with the Yoast SEO plugin v22.7 - https:\/\/yoast.com\/wordpress\/plugins\/seo\/ -->\n<title>MAJEVICA \u2013 FEST DES JUNGEN SOMMERS - Turisti\u010dka zajednica op\u0107ine Vi\u0161kovo<\/title>\n<meta name=\"robots\" content=\"index, follow, max-snippet:-1, max-image-preview:large, max-video-preview:-1\" \/>\n<link rel=\"canonical\" href=\"https:\/\/visitviskovo.hr\/de\/events\/majevica-fest-des-jungen-sommers\/\" \/>\n<meta property=\"og:locale\" content=\"de_DE\" \/>\n<meta property=\"og:type\" content=\"article\" \/>\n<meta property=\"og:title\" content=\"MAJEVICA \u2013 FEST DES JUNGEN SOMMERS - Turisti\u010dka zajednica op\u0107ine Vi\u0161kovo\" \/>\n<meta property=\"og:description\" content=\"Das Majevica-Fest findet am ersten Sonntag im Mai statt und soll an die Tradition der Region von Halubje erinnern, das kulturgeschichtliche Erbe, die einheimische K\u00fcche und Br\u00e4uche der Region pflegen.\" \/>\n<meta property=\"og:url\" content=\"https:\/\/visitviskovo.hr\/de\/events\/majevica-fest-des-jungen-sommers\/\" \/>\n<meta property=\"og:site_name\" content=\"Turisti\u010dka zajednica op\u0107ine Vi\u0161kovo\" \/>\n<meta property=\"article:publisher\" content=\"https:\/\/web.facebook.com\/VisitViskovo\" \/>\n<meta property=\"article:modified_time\" content=\"2019-08-22T09:43:51+00:00\" \/>\n<meta property=\"og:image\" content=\"https:\/\/visitviskovo.hr\/wp-content\/uploads\/2019\/07\/Plakat-B2-Majevica2019_Viskovo-NOVI.jpg\" \/>\n\t<meta property=\"og:image:width\" content=\"1361\" \/>\n\t<meta property=\"og:image:height\" content=\"1928\" \/>\n\t<meta property=\"og:image:type\" content=\"image\/jpeg\" \/>\n<meta name=\"twitter:card\" content=\"summary_large_image\" \/>\n<script type=\"application\/ld+json\" class=\"yoast-schema-graph\">{\"@context\":\"https:\/\/schema.org\",\"@graph\":[{\"@type\":\"WebPage\",\"@id\":\"https:\/\/visitviskovo.hr\/de\/events\/majevica-fest-des-jungen-sommers\/\",\"url\":\"https:\/\/visitviskovo.hr\/de\/events\/majevica-fest-des-jungen-sommers\/\",\"name\":\"MAJEVICA \u2013 FEST DES JUNGEN SOMMERS - Turisti\u010dka zajednica op\u0107ine Vi\u0161kovo\",\"isPartOf\":{\"@id\":\"https:\/\/visitviskovo.hr\/it\/#website\"},\"primaryImageOfPage\":{\"@id\":\"https:\/\/visitviskovo.hr\/de\/events\/majevica-fest-des-jungen-sommers\/#primaryimage\"},\"image\":{\"@id\":\"https:\/\/visitviskovo.hr\/de\/events\/majevica-fest-des-jungen-sommers\/#primaryimage\"},\"thumbnailUrl\":\"https:\/\/visitviskovo.hr\/wp-content\/uploads\/2019\/07\/Plakat-B2-Majevica2019_Viskovo-NOVI.jpg\",\"datePublished\":\"2019-08-22T09:43:50+00:00\",\"dateModified\":\"2019-08-22T09:43:51+00:00\",\"breadcrumb\":{\"@id\":\"https:\/\/visitviskovo.hr\/de\/events\/majevica-fest-des-jungen-sommers\/#breadcrumb\"},\"inLanguage\":\"de-DE\",\"potentialAction\":[{\"@type\":\"ReadAction\",\"target\":[\"https:\/\/visitviskovo.hr\/de\/events\/majevica-fest-des-jungen-sommers\/\"]}]},{\"@type\":\"ImageObject\",\"inLanguage\":\"de-DE\",\"@id\":\"https:\/\/visitviskovo.hr\/de\/events\/majevica-fest-des-jungen-sommers\/#primaryimage\",\"url\":\"https:\/\/visitviskovo.hr\/wp-content\/uploads\/2019\/07\/Plakat-B2-Majevica2019_Viskovo-NOVI.jpg\",\"contentUrl\":\"https:\/\/visitviskovo.hr\/wp-content\/uploads\/2019\/07\/Plakat-B2-Majevica2019_Viskovo-NOVI.jpg\",\"width\":1361,\"height\":1928},{\"@type\":\"BreadcrumbList\",\"@id\":\"https:\/\/visitviskovo.hr\/de\/events\/majevica-fest-des-jungen-sommers\/#breadcrumb\",\"itemListElement\":[{\"@type\":\"ListItem\",\"position\":1,\"name\":\"Home\",\"item\":\"https:\/\/visitviskovo.hr\/de\/\"},{\"@type\":\"ListItem\",\"position\":2,\"name\":\"Events\",\"item\":\"https:\/\/visitviskovo.hr\/events\/\"},{\"@type\":\"ListItem\",\"position\":3,\"name\":\"MAJEVICA \u2013 FEST DES JUNGEN SOMMERS\"}]},{\"@type\":\"WebSite\",\"@id\":\"https:\/\/visitviskovo.hr\/it\/#website\",\"url\":\"https:\/\/visitviskovo.hr\/it\/\",\"name\":\"Turisti\u010dka zajednica op\u0107ine Vi\u0161kovo\",\"description\":\"\",\"potentialAction\":[{\"@type\":\"SearchAction\",\"target\":{\"@type\":\"EntryPoint\",\"urlTemplate\":\"https:\/\/visitviskovo.hr\/it\/?s={search_term_string}\"},\"query-input\":\"required name=search_term_string\"}],\"inLanguage\":\"de-DE\"}]}<\/script>\n<!-- \/ Yoast SEO plugin. -->","yoast_head_json":{"title":"MAJEVICA \u2013 FEST DES JUNGEN SOMMERS - Turisti\u010dka zajednica op\u0107ine Vi\u0161kovo","robots":{"index":"index","follow":"follow","max-snippet":"max-snippet:-1","max-image-preview":"max-image-preview:large","max-video-preview":"max-video-preview:-1"},"canonical":"https:\/\/visitviskovo.hr\/de\/events\/majevica-fest-des-jungen-sommers\/","og_locale":"de_DE","og_type":"article","og_title":"MAJEVICA \u2013 FEST DES JUNGEN SOMMERS - Turisti\u010dka zajednica op\u0107ine Vi\u0161kovo","og_description":"Das Majevica-Fest findet am ersten Sonntag im Mai statt und soll an die Tradition der Region von Halubje erinnern, das kulturgeschichtliche Erbe, die einheimische K\u00fcche und Br\u00e4uche der Region pflegen.","og_url":"https:\/\/visitviskovo.hr\/de\/events\/majevica-fest-des-jungen-sommers\/","og_site_name":"Turisti\u010dka zajednica op\u0107ine Vi\u0161kovo","article_publisher":"https:\/\/web.facebook.com\/VisitViskovo","article_modified_time":"2019-08-22T09:43:51+00:00","og_image":[{"width":1361,"height":1928,"url":"https:\/\/visitviskovo.hr\/wp-content\/uploads\/2019\/07\/Plakat-B2-Majevica2019_Viskovo-NOVI.jpg","type":"image\/jpeg"}],"twitter_card":"summary_large_image","schema":{"@context":"https:\/\/schema.org","@graph":[{"@type":"WebPage","@id":"https:\/\/visitviskovo.hr\/de\/events\/majevica-fest-des-jungen-sommers\/","url":"https:\/\/visitviskovo.hr\/de\/events\/majevica-fest-des-jungen-sommers\/","name":"MAJEVICA \u2013 FEST DES JUNGEN SOMMERS - Turisti\u010dka zajednica op\u0107ine Vi\u0161kovo","isPartOf":{"@id":"https:\/\/visitviskovo.hr\/it\/#website"},"primaryImageOfPage":{"@id":"https:\/\/visitviskovo.hr\/de\/events\/majevica-fest-des-jungen-sommers\/#primaryimage"},"image":{"@id":"https:\/\/visitviskovo.hr\/de\/events\/majevica-fest-des-jungen-sommers\/#primaryimage"},"thumbnailUrl":"https:\/\/visitviskovo.hr\/wp-content\/uploads\/2019\/07\/Plakat-B2-Majevica2019_Viskovo-NOVI.jpg","datePublished":"2019-08-22T09:43:50+00:00","dateModified":"2019-08-22T09:43:51+00:00","breadcrumb":{"@id":"https:\/\/visitviskovo.hr\/de\/events\/majevica-fest-des-jungen-sommers\/#breadcrumb"},"inLanguage":"de-DE","potentialAction":[{"@type":"ReadAction","target":["https:\/\/visitviskovo.hr\/de\/events\/majevica-fest-des-jungen-sommers\/"]}]},{"@type":"ImageObject","inLanguage":"de-DE","@id":"https:\/\/visitviskovo.hr\/de\/events\/majevica-fest-des-jungen-sommers\/#primaryimage","url":"https:\/\/visitviskovo.hr\/wp-content\/uploads\/2019\/07\/Plakat-B2-Majevica2019_Viskovo-NOVI.jpg","contentUrl":"https:\/\/visitviskovo.hr\/wp-content\/uploads\/2019\/07\/Plakat-B2-Majevica2019_Viskovo-NOVI.jpg","width":1361,"height":1928},{"@type":"BreadcrumbList","@id":"https:\/\/visitviskovo.hr\/de\/events\/majevica-fest-des-jungen-sommers\/#breadcrumb","itemListElement":[{"@type":"ListItem","position":1,"name":"Home","item":"https:\/\/visitviskovo.hr\/de\/"},{"@type":"ListItem","position":2,"name":"Events","item":"https:\/\/visitviskovo.hr\/events\/"},{"@type":"ListItem","position":3,"name":"MAJEVICA \u2013 FEST DES JUNGEN SOMMERS"}]},{"@type":"WebSite","@id":"https:\/\/visitviskovo.hr\/it\/#website","url":"https:\/\/visitviskovo.hr\/it\/","name":"Turisti\u010dka zajednica op\u0107ine Vi\u0161kovo","description":"","potentialAction":[{"@type":"SearchAction","target":{"@type":"EntryPoint","urlTemplate":"https:\/\/visitviskovo.hr\/it\/?s={search_term_string}"},"query-input":"required name=search_term_string"}],"inLanguage":"de-DE"}]}},"_links":{"self":[{"href":"https:\/\/visitviskovo.hr\/de\/wp-json\/wp\/v2\/events\/4858"}],"collection":[{"href":"https:\/\/visitviskovo.hr\/de\/wp-json\/wp\/v2\/events"}],"about":[{"href":"https:\/\/visitviskovo.hr\/de\/wp-json\/wp\/v2\/types\/events"}],"wp:featuredmedia":[{"embeddable":true,"href":"https:\/\/visitviskovo.hr\/de\/wp-json\/wp\/v2\/media\/4613"}],"wp:attachment":[{"href":"https:\/\/visitviskovo.hr\/de\/wp-json\/wp\/v2\/media?parent=4858"}],"curies":[{"name":"wp","href":"https:\/\/api.w.org\/{rel}","templated":true}]}}